{"id":62,"date":"2017-01-16T09:27:59","date_gmt":"2017-01-16T09:27:59","guid":{"rendered":"http:\/\/gpa.uva.es\/?page_id=62"},"modified":"2024-01-04T11:02:11","modified_gmt":"2024-01-04T11:02:11","slug":"congresos","status":"publish","type":"page","link":"https:\/\/gpa.uva.es\/?page_id=62","title":{"rendered":"Congresos"},"content":{"rendered":"<h4 class=\"wp-block-heading\">Congresos<\/h4>\n\n\n<p>\n<table id=\"tablepress-22\" class=\"tablepress tablepress-id-22\">\n<thead>\n<tr class=\"row-1\">\n\t<th class=\"column-1\">T\u00edtulo<\/th><th class=\"column-2\">Autores<\/th><th class=\"column-3\">A\u00f1o<\/th><th class=\"column-4\">Congreso<\/th><th class=\"column-5\">Descargar<\/th>\n<\/tr>\n<\/thead>\n<tbody class=\"row-striping row-hover\">\n<tr class=\"row-2\">\n\t<td class=\"column-1\">Operation of an interactive vibration monitoring system ad-hoc designed for tracking historic fa\u00e7ades during conservation works<\/td><td class=\"column-2\">Antol\u00edn Lorenzana, Juan Jos\u00e9 Villacorta, Roberto D. Mart\u00ednez, Mariano Cacho, Alberto Izquierdo<\/td><td class=\"column-3\">2024<\/td><td class=\"column-4\">DinEst 2024<\/td><td class=\"column-5\"><a class=\"logDesc\" href=\"https:\/\/gpa.uva.es\/files\/2024\/09\/DinEst_2024-Antolin_AifJvc.pdf\" target=\"_blank\" rel=\"noopener\"><div align=\"center\"><img decoding=\"async\" src=\"https:\/\/gpa.uva.es\/files\/2024\/01\/PDF_file_icon.svg_.png\" alt=\"Descargar\" width=\"50px\" height=\"60px\" \/><\/div><\/a><\/td>\n<\/tr>\n<tr class=\"row-3\">\n\t<td class=\"column-1\">Physical properties tracking of a laboratory-scaled two-storey building model<\/td><td class=\"column-2\">\u00c1lvaro Magdaleno, \u00c1lvaro Iglesias-Pordomingo, Lara del Val,  Emiliano Pereira, Antol\u00edn Lorenzana<\/td><td class=\"column-3\">2024<\/td><td class=\"column-4\">DinEst 2024<\/td><td class=\"column-5\"><a class=\"logDesc\" href=\"https:\/\/gpa.uva.es\/files\/2024\/09\/DinEst_2024-Alvaro_Lvp.pdf\" target=\"_blank\" rel=\"noopener\"><div align=\"center\"><img decoding=\"async\" src=\"https:\/\/gpa.uva.es\/files\/2024\/01\/PDF_file_icon.svg_.png\" alt=\"Descargar\" width=\"50px\" height=\"60px\" \/><\/div><\/a><\/td>\n<\/tr>\n<tr class=\"row-4\">\n\t<td class=\"column-1\">Innovaci\u00f3n ac\u00fastica en la protecci\u00f3n de patrimonio de madera: detecci\u00f3n de larvas de Hylotrupes bajulus L. con tecnolog\u00eda MEMS<\/td><td class=\"column-2\">Roberto D. Mart\u00ednez, Alberto Izquierdo, Juan Jos\u00e9 Villacorta, Lara del Val, Milagros Casado, Patricia Vallelado-Cordob\u00e9s, Luis-Alfonso Basterrra<\/td><td class=\"column-3\">2024<\/td><td class=\"column-4\">CIMAD 2024<\/td><td class=\"column-5\"><a class=\"logDesc\" href=\"https:\/\/gpa.uva.es\/files\/2024\/06\/CIMAD2024-Martinez.pdf\" target=\"_blank\" rel=\"noopener\"><div align=\"center\"><img decoding=\"async\" src=\"https:\/\/gpa.uva.es\/files\/2024\/01\/PDF_file_icon.svg_.png\" alt=\"Descargar\" width=\"50px\" height=\"60px\" \/><\/div><\/a><\/td>\n<\/tr>\n<tr class=\"row-5\">\n\t<td class=\"column-1\">Respuesta din\u00e1mica de la pasarela de madera de 270m sobre el r\u00edo Guadalhorce<\/td><td class=\"column-2\">\u00c1lvaro Magdaleno Gonz\u00e1lez, Julio Vivas Padilla, Juan Jos\u00e9 Villacorta Calvo, \u00c1lvaro Iglesias Pordomingo, Guillermo Fern\u00e1ndez Ord\u00f3\u00f1ez, Antol\u00edn Lorenzana Ib\u00e1n<\/td><td class=\"column-3\">2024<\/td><td class=\"column-4\">CIMAD 2024<\/td><td class=\"column-5\"><a class=\"logDesc\" href=\"https:\/\/gpa.uva.es\/files\/2024\/06\/CIMAD2024_Magdaleno.pdf\" target=\"_blank\" rel=\"noopener\"><div align=\"center\"><img decoding=\"async\" src=\"https:\/\/gpa.uva.es\/files\/2024\/01\/PDF_file_icon.svg_.png\" alt=\"Descargar\" width=\"50px\" height=\"60px\" \/><\/div><\/a><\/td>\n<\/tr>\n<tr class=\"row-6\">\n\t<td class=\"column-1\">Construcci\u00f3n y comportamiento de un prototipo de estructura de madera a escala 1\/2 sometido a diferentes pruebas de carga normalizadas<\/td><td class=\"column-2\">Patricia Vallelado-Cordob\u00e9s, Roberto D. Mart\u00ednez, Jos\u00e9 Antonio Balmori, \u00c1lvaro Iglesias Pordomingo, \u00c1lvaro Magdaleno Gonz\u00e1lez, Antol\u00edn Lorenzana, Lara del Val Puente, Juan Jos\u00e9 Villacorta Calvo, Alberto Izquierdo Fuente, Luis-Alfonso Basterra<\/td><td class=\"column-3\">2024<\/td><td class=\"column-4\">CIMAD 2024<\/td><td class=\"column-5\"><a class=\"logDesc\" href=\"https:\/\/gpa.uva.es\/files\/2024\/06\/CIMAD2024-Vallelado.pdf\" target=\"_blank\" rel=\"noopener\"><div align=\"center\"><img decoding=\"async\" src=\"https:\/\/gpa.uva.es\/files\/2024\/01\/PDF_file_icon.svg_.png\" alt=\"Descargar\" width=\"50px\" height=\"60px\" \/><\/div><\/a><\/td>\n<\/tr>\n<tr class=\"row-7\">\n\t<td class=\"column-1\">Divi\u00e9rtete y Aprende a Escapar del Ruido<\/td><td class=\"column-2\">Lena Benito-Sendin Plaar, Lara del Val Puente, Ana Isabel Tarrero Fern\u00e1ndez<\/td><td class=\"column-3\">2023<\/td><td class=\"column-4\">Tecniac\u00fastica 2023<\/td><td class=\"column-5\"><a class=\"logDesc\" href=\"https:\/\/gpa.uva.es\/files\/2023\/11\/tecniacustica_vFinal.pdf\" target=\"_blank\" rel=\"noopener\"><div align=\"center\"><img decoding=\"async\" src=\"https:\/\/gpa.uva.es\/files\/2024\/01\/PDF_file_icon.svg_.png\" alt=\"Descargar\" width=\"50px\" height=\"60px\" \/><\/div><\/a><\/td>\n<\/tr>\n<tr class=\"row-8\">\n\t<td class=\"column-1\">Diagn\u00f3stico, restauraci\u00f3n y pruebas finales en la estructura de madera de un edificio urbano tradicional<\/td><td class=\"column-2\">Gamaliel L\u00f3pez, Roberto D. Mart\u00ednez, Jos\u00e9 A. Balmori, Milagros Casado, Antol\u00edn Lorenzana, \u00c1lvaro Magdaleno, Alberto Izquierdo, Juan J. Villacorta, Lara del Val, \u00c1lvaro Moral<\/td><td class=\"column-3\">2022<\/td><td class=\"column-4\">XII Congreso Internacional de Patrimonio Cultural (AR&amp;PA 2022)<\/td><td class=\"column-5\"><\/td>\n<\/tr>\n<tr class=\"row-9\">\n\t<td class=\"column-1\">Plataforma ac\u00fastica de bajo coste basada en arrays de micr\u00f3fonos MEMS para la detecci\u00f3n y localizaci\u00f3n de blancos<\/td><td class=\"column-2\">Alberto Izquierdo Fuente, Juan Jos\u00e9 Villacorta Calvo, Lara del Val Puente, Pablo Alloza<\/td><td class=\"column-3\">2022<\/td><td class=\"column-4\">IX Congreso Nacional de I+D en Defensa y Seguridad (DESEI+D 2022)<\/td><td class=\"column-5\"><a class=\"logDesc\" href=\"https:\/\/gpa.uva.es\/files\/2023\/11\/articuloDESID2022_articulo193_plataformaAcusticaDeBajoCosteBasadaEnArraysDeMicrofonosMems.pdf\" target=\"_blank\" rel=\"noopener\"><div align=\"center\"><img decoding=\"async\" src=\"https:\/\/gpa.uva.es\/files\/2024\/01\/PDF_file_icon.svg_.png\" alt=\"Descargar\" width=\"50px\" height=\"60px\" \/><\/div><\/a><\/td>\n<\/tr>\n<tr class=\"row-10\">\n\t<td class=\"column-1\">Diagnosis and Proposal for the Restoration of a Timber-framed Building and its Results applying Static and Dynamic Tests<\/td><td class=\"column-2\">Luis-Alfonso Basterra, Gamaliel L\u00f3pez, Roberto D. Mart\u00ednez, Jos\u00e9-Antonio Balmori,<br \/>\nAntol\u00edn Lorenzana, \u00c1lvaro Magdaleno, Alberto Izquierdo, Juan J. Villacorta, Lara del Val, Luis Acu\u00f1a, Milagros Casado<\/td><td class=\"column-3\">2022<\/td><td class=\"column-4\">6th International Conference on Structural Health Assessments of Timber Structures (SHATIS 22)<\/td><td class=\"column-5\"><a class=\"logDesc\" href=\"https:\/\/gpa.uva.es\/files\/2023\/11\/SHATIS22_Diagnosis-and-Proposal-for-the-Restoration-of-a-Timber-framed-Building-and-its-Results-applying-Static-and-Dynamic-Tests.pdf\" target=\"_blank\" rel=\"noopener\"><div align=\"center\"><img decoding=\"async\" src=\"https:\/\/gpa.uva.es\/files\/2024\/01\/PDF_file_icon.svg_.png\" alt=\"Descargar\" width=\"50px\" height=\"60px\" \/><\/div><\/a><\/td>\n<\/tr>\n<tr class=\"row-11\">\n\t<td class=\"column-1\">New Low-cost Sensor for Timber Structural Health Monitoring<\/td><td class=\"column-2\">Juan J. Villarcorta, Gamaliel L\u00f3pez, Roberto D. Mart\u00ednez, Antol\u00edn Lorenzana, Alberto<br \/>\nIzquierdo, Jos\u00e9\u2010Antonio Balmori, Lara del Val, \u00c1lvaro Magdaleno, Luis Acu\u00f1a,<br \/>\nMilagros Casado, Luis\u2010Alfonso Basterra<\/td><td class=\"column-3\">2022<\/td><td class=\"column-4\">6th International Conference on Structural Health Assessments of Timber Structures (SHATIS 22)<\/td><td class=\"column-5\"><a class=\"logDesc\" href=\"https:\/\/gpa.uva.es\/files\/2023\/11\/SHATIS22_New-Low-cost-Sensor-for-Timber-Structural-Health-Monitoring.pdf\" target=\"_blank\" rel=\"noopener\"><div align=\"center\"><img decoding=\"async\" src=\"https:\/\/gpa.uva.es\/files\/2024\/01\/PDF_file_icon.svg_.png\" alt=\"Descargar\" width=\"50px\" height=\"60px\" \/><\/div><\/a><\/td>\n<\/tr>\n<tr class=\"row-12\">\n\t<td class=\"column-1\">Low-cost active\/passive system for acoustic imaging based on large arrays of MEMS microphones<\/td><td class=\"column-2\">Juan J. Villacorta, Alberto Izquierdo, Lara del Val<\/td><td class=\"column-3\">2022<\/td><td class=\"column-4\">XII Congreso Iberoamericano de Ac\u00fastica (FIA 2020\/22)<\/td><td class=\"column-5\"><a class=\"logDesc\" href=\"https:\/\/gpa.uva.es\/files\/2023\/11\/articuloFIA_10381_activePassiveLowCostSystem.pdf\" target=\"_blank\" rel=\"noopener\"><div align=\"center\"><img decoding=\"async\" src=\"https:\/\/gpa.uva.es\/files\/2024\/01\/PDF_file_icon.svg_.png\" alt=\"Descargar\" width=\"50px\" height=\"60px\" \/><\/div><\/a><\/td>\n<\/tr>\n<tr class=\"row-13\">\n\t<td class=\"column-1\">Acoustic echo modeling of people in acoustic arrays using LIDAR<\/td><td class=\"column-2\">Alberto Izquierdo, Lara del Val, Juan J. Villacorta, Sergio Canseco<\/td><td class=\"column-3\">2022<\/td><td class=\"column-4\">Internoise 2022<\/td><td class=\"column-5\"><a class=\"logDesc\" href=\"https:\/\/gpa.uva.es\/files\/2023\/11\/Inter-Noise2022_Paper533.pdf\" target=\"_blank\" rel=\"noopener\"><div align=\"center\"><img decoding=\"async\" src=\"https:\/\/gpa.uva.es\/files\/2024\/01\/PDF_file_icon.svg_.png\" alt=\"Descargar\" width=\"50px\" height=\"60px\" \/><\/div><\/a><\/td>\n<\/tr>\n<tr class=\"row-14\">\n\t<td class=\"column-1\">Parameter extraction of 3D acoustic images using a nonlinear optimization technique<\/td><td class=\"column-2\">Lara del Val, Alberto<br \/>\nIzquierdo, Juan J. Villacorta, Andr\u00e9s<br \/>\nMart\u00edn<\/td><td class=\"column-3\">2022<\/td><td class=\"column-4\">Internoise 2022<\/td><td class=\"column-5\"><a class=\"logDesc\" href=\"https:\/\/gpa.uva.es\/files\/2023\/11\/Inter-Noise2022_Paper576.pdf\" target=\"_blank\" rel=\"noopener\"><div align=\"center\"><img decoding=\"async\" src=\"https:\/\/gpa.uva.es\/files\/2024\/01\/PDF_file_icon.svg_.png\" alt=\"Descargar\" width=\"50px\" height=\"60px\" \/><\/div><\/a><\/td>\n<\/tr>\n<tr class=\"row-15\">\n\t<td class=\"column-1\">Pedestrian Detection using an Active MEMS Microphone associated to an Autonomous Emergency Braking System<\/td><td class=\"column-2\">Lara del Val Puente, Alberto Izquierdo Fuente, <br \/>\nJuan Jos\u00e9 Villacorta Calvo<\/td><td class=\"column-3\">2022<\/td><td class=\"column-4\">28th International Congress on Sound and Vibration (ICSV28)<\/td><td class=\"column-5\"><a class=\"logDesc\" href=\"https:\/\/gpa.uva.es\/files\/2023\/11\/ICSV28_paper447_PedestrianDetection.pdf\" target=\"_blank\" rel=\"noopener\"><div align=\"center\"><img decoding=\"async\" src=\"https:\/\/gpa.uva.es\/files\/2024\/01\/PDF_file_icon.svg_.png\" alt=\"Descargar\" width=\"50px\" height=\"60px\" \/><\/div><\/a><\/td>\n<\/tr>\n<tr class=\"row-16\">\n\t<td class=\"column-1\">Engine-noise Cancellation Techniques applied in Vehicle-mounted Acoustic Arrays with Beamforming Techniques<\/td><td class=\"column-2\">Pablo Alloza, Alberto Izquierdo, Juan J. Villacorta, Lara del Val<\/td><td class=\"column-3\">2022<\/td><td class=\"column-4\">28th International Congress on Sound and Vibration (ICSV28)<\/td><td class=\"column-5\"><a class=\"logDesc\" href=\"https:\/\/gpa.uva.es\/files\/2023\/11\/ICSV28_paper534_DroneNoise.pdf\" target=\"_blank\" rel=\"noopener\"><div align=\"center\"><img decoding=\"async\" src=\"https:\/\/gpa.uva.es\/files\/2024\/01\/PDF_file_icon.svg_.png\" alt=\"Descargar\" width=\"50px\" height=\"60px\" \/><\/div><\/a><\/td>\n<\/tr>\n<tr class=\"row-17\">\n\t<td class=\"column-1\">Scalable and low-cost MEMS-based Structural Health Monitoring System<\/td><td class=\"column-2\">Izquierdo, Alberto; Villacorta, Juan J.; del Val, Lara; Magdaleno, \u00c1lvaro<\/td><td class=\"column-3\">2021<\/td><td class=\"column-4\">6th International Conference on Mechanical Models in Structural Engineering<\/td><td class=\"column-5\"><a class=\"logDesc\" href=\"https:\/\/gpa.uva.es\/files\/2023\/11\/paper4Izquierdo.pdf\" target=\"_blank\" rel=\"noopener\"><div align=\"center\"><img decoding=\"async\" src=\"https:\/\/gpa.uva.es\/files\/2024\/01\/PDF_file_icon.svg_.png\" alt=\"Descargar\" width=\"50px\" height=\"60px\" \/><\/div><\/a><\/td>\n<\/tr>\n<tr class=\"row-18\">\n\t<td class=\"column-1\">Spatial and frequency characterization of the noise generated by the propellers of Unmanned Aerial Vehicles (UAV) in acoustic localization tasks<\/td><td class=\"column-2\">Lara del Val, Alberto Izquierdo, Juan J. Villacorta<\/td><td class=\"column-3\">2020<\/td><td class=\"column-4\">Internoise 2020<\/td><td class=\"column-5\"><a class=\"logDesc\" href=\"http:\/\/gpa.uva.es\/files\/2020\/10\/internoise2020_paper_Inter-Noise2020_vFinal.pdf\" target=\"_blank\" rel=\"noopener\"><div align=\"center\"><img decoding=\"async\" src=\"https:\/\/gpa.uva.es\/files\/2024\/01\/PDF_file_icon.svg_.png\" alt=\"Descargar\" width=\"50px\" height=\"60px\" \/><\/div><\/a><\/td>\n<\/tr>\n<tr class=\"row-19\">\n\t<td class=\"column-1\">Modal identification of structures during static load testing: Interaction effects<\/td><td class=\"column-2\">Antolin Lorenzana, Alvaro Magdaleno, Tomislav Jarak, Roberto Martinez, Antonio Balmori, Luis-Alfonso Basterra, Lara del Val, Juan J. Villacorta, Alberto Izquierdo<\/td><td class=\"column-3\">2020<\/td><td class=\"column-4\">XI International Conference on Structural Dynamics (Eurodyn 2020)<\/td><td class=\"column-5\"><a class=\"logDesc\" href=\"http:\/\/gpa.uva.es\/files\/2020\/10\/Eurodyn_2020_Final_Contribution_Antolin.pdf\" target=\"_blank\" rel=\"noopener\"><div align=\"center\"><img decoding=\"async\" src=\"https:\/\/gpa.uva.es\/files\/2024\/01\/PDF_file_icon.svg_.png\" alt=\"Descargar\" width=\"50px\" height=\"60px\" \/><\/div><\/a><\/td>\n<\/tr>\n<tr class=\"row-20\">\n\t<td class=\"column-1\">A failure detection methodology using new features of acoustic images of a fan matrix<\/td><td class=\"column-2\">Lara del Val, Alberto Izquierdo, Juan J. Villacorta, Marta Herr\u00e1ez<\/td><td class=\"column-3\">2019<\/td><td class=\"column-4\">Internoise 2019<\/td><td class=\"column-5\"><a class=\"logDesc\" href=\"http:\/\/gpa.uva.es\/files\/2020\/10\/internoise2019_paperInternoise_vfinal.pdf\" target=\"_blank\" rel=\"noopener\"><div align=\"center\"><img decoding=\"async\" src=\"https:\/\/gpa.uva.es\/files\/2024\/01\/PDF_file_icon.svg_.png\" alt=\"Descargar\" width=\"50px\" height=\"60px\" \/><\/div><\/a><\/td>\n<\/tr>\n<tr class=\"row-21\">\n\t<td class=\"column-1\">AmemoMe: Dise\u00f1o e implementaci\u00f3n de un sistema de medida basado en aceler\u00f3metros MEMS para el an\u00e1lisis de los modos de vibraci\u00f3n de una estructura de madera<\/td><td class=\"column-2\">J.J. Villacorta-Calvo, Alberto Izquierdo-Fuente, Lara del Val-Puente, Luis Suarez, Roberto Mart\u00ednez, Leandro Morillas, Luis-Alfonso Basterra<\/td><td class=\"column-3\">2019<\/td><td class=\"column-4\">Lignomad 2019<\/td><td class=\"column-5\"><a class=\"logDesc\" href=\"http:\/\/gpa.uva.es\/files\/2020\/10\/lignomad2019_Amemome-Poster-2_v2.2.pdf\" target=\"_blank\" rel=\"noopener\"><div align=\"center\"><img decoding=\"async\" src=\"https:\/\/gpa.uva.es\/files\/2024\/01\/PDF_file_icon.svg_.png\" alt=\"Descargar\" width=\"50px\" height=\"60px\" \/><\/div><\/a><\/td>\n<\/tr>\n<tr class=\"row-22\">\n\t<td class=\"column-1\">Detecci\u00f3n y Localizaci\u00f3n de larvas de ceramb\u00edcidos mediante un array de micr\u00f3f\u00f3nos MEMS<\/td><td class=\"column-2\">Roberto Mart\u00ednez, Jos\u00e9-A. Balmori, David Escolano, Alberto Izquierdo-Fuente, Juan-Jos\u00e9 Villacorta-Calvo, Luis-Alfonso Basterra<\/td><td class=\"column-3\">2019<\/td><td class=\"column-4\">Lignomad 2019<\/td><td class=\"column-5\"><a class=\"logDesc\" href=\"http:\/\/gpa.uva.es\/files\/2020\/10\/lignomad2019_Deteccion-larvas-Poster.pdf\" target=\"_blank\" rel=\"noopener\"><div align=\"center\"><img decoding=\"async\" src=\"https:\/\/gpa.uva.es\/files\/2024\/01\/PDF_file_icon.svg_.png\" alt=\"Descargar\" width=\"50px\" height=\"60px\" \/><\/div><\/a><\/td>\n<\/tr>\n<tr class=\"row-23\">\n\t<td class=\"column-1\">Analysis of a maxima position estimator on acoustic images of a fan matrix for failure detection<\/td><td class=\"column-2\">Lara del Val, Alberto Izquierdo, Juan J. Villacorta, Luis Su\u00e1rez, Marta Herr\u00e1ez<\/td><td class=\"column-3\">2018<\/td><td class=\"column-4\">Euronoise 2018<\/td><td class=\"column-5\"><a class=\"logDesc\" href=\"http:\/\/gpa.uva.es\/files\/2020\/10\/Euronoise2018_paperEuronoise_final.pdf\" target=\"_blank\" rel=\"noopener\"><div align=\"center\"><img decoding=\"async\" src=\"https:\/\/gpa.uva.es\/files\/2024\/01\/PDF_file_icon.svg_.png\" alt=\"Descargar\" width=\"50px\" height=\"60px\" \/><\/div><\/a><\/td>\n<\/tr>\n<tr class=\"row-24\">\n\t<td class=\"column-1\">Fault Detection Methodology for a Fan Matrix based on SVM Classification of Acoustic Images<\/td><td class=\"column-2\">Lara del Val, Alberto Izquierdo, Juan J. Villacorta, Marta Herr\u00e1ez, Luis Su\u00e1rez<\/td><td class=\"column-3\">2018<\/td><td class=\"column-4\"> International Conference on Condition Moonitoring of  Machinery in Non-stationary Operations (CMMNO 2018)<\/td><td class=\"column-5\"><a class=\"logDesc\" href=\"http:\/\/gpa.uva.es\/files\/2020\/10\/cmmno2018_paper_45.pdf\" target=\"_blank\" rel=\"noopener\"><div align=\"center\"><img decoding=\"async\" src=\"https:\/\/gpa.uva.es\/files\/2024\/01\/PDF_file_icon.svg_.png\" alt=\"Descargar\" width=\"50px\" height=\"60px\" \/><\/div><\/a><\/td>\n<\/tr>\n<tr class=\"row-25\">\n\t<td class=\"column-1\">Estudio del \u00edndice alternativo Rimpact para aislamiento a ruido de impacto<\/td><td class=\"column-2\">Cordero, Silvia; del Val, Lara; Machimbarrena, Mar\u00eda; Herr\u00e1ez, Marta; Johansson, Reine<\/td><td class=\"column-3\">2018<\/td><td class=\"column-4\">FIA 2018<br \/>\nXI Congreso Iberoamericano de Ac\u00fastica; X Congreso Ib\u00e9rico de Ac\u00fastica; 49\u00ba Congreso Espa\u00f1ol de Ac\u00fastica -TecnAcustica\u201918<\/td><td class=\"column-5\"><a class=\"logDesc\" href=\"http:\/\/gpa.uva.es\/files\/2020\/10\/FIA2018_AED4_Estudio-Rimpact_Cordero_et-al.pdf\" target=\"_blank\" rel=\"noopener\"><div align=\"center\"><img decoding=\"async\" src=\"https:\/\/gpa.uva.es\/files\/2024\/01\/PDF_file_icon.svg_.png\" alt=\"Descargar\" width=\"50px\" height=\"60px\" \/><\/div><\/a><\/td>\n<\/tr>\n<tr class=\"row-26\">\n\t<td class=\"column-1\">Analysis of the feasibility of an array of MEMS microphones to machinery condition monitoring or fault diagnosis<\/td><td class=\"column-2\">Lara del Val, Alberto Izquierdo, Juan J. Villacorta, Luis Su\u00e1rez, Marta Herr\u00e1ez<\/td><td class=\"column-3\">2017<\/td><td class=\"column-4\">Acoustics'17<\/td><td class=\"column-5\"><a class=\"logDesc\" href=\"http:\/\/gpa.uva.es\/files\/2020\/10\/Acoustics2017_Analysis-of-the-feasibility-of-an-array-of-MEMS-microphones-to-machinery-condition-monitoring-or-fault-diagnosis_-The-Journal-of-the-Acoustical-Society-of-America_-Vol-141-No-5.pdf\" target=\"_blank\" rel=\"noopener\"><div align=\"center\"><img decoding=\"async\" src=\"https:\/\/gpa.uva.es\/files\/2024\/01\/PDF_file_icon.svg_.png\" alt=\"Descargar\" width=\"50px\" height=\"60px\" \/><\/div><\/a><\/td>\n<\/tr>\n<tr class=\"row-27\">\n\t<td class=\"column-1\">Characterization of a virtual array based on MEMS microphones for the analysis of acoustic sources<\/td><td class=\"column-2\">Alberto Izquierdo, Juan J. Villacorta, Lara del Val, Luis Su\u00e1rez<\/td><td class=\"column-3\">2017<\/td><td class=\"column-4\">Acoustics'17<\/td><td class=\"column-5\"><a class=\"logDesc\" href=\"http:\/\/gpa.uva.es\/files\/2020\/10\/Acoustics2017_Characterization-of-a-virtual-array-based-on-MEMS-microphones-for-the-analysis-of-acoustic-sources_-The-Journal-of-the-Acoustical-Society-of-America_-Vol-141-No-5.pdf\" target=\"_blank\" rel=\"noopener\"><div align=\"center\"><img decoding=\"async\" src=\"https:\/\/gpa.uva.es\/files\/2024\/01\/PDF_file_icon.svg_.png\" alt=\"Descargar\" width=\"50px\" height=\"60px\" \/><\/div><\/a><\/td>\n<\/tr>\n<tr class=\"row-28\">\n\t<td class=\"column-1\">Could an array of MEMS microphones be used to monitor machinery condition or diagnose failures?<\/td><td class=\"column-2\">Lara del Val, Marta Herr\u00e1ez, Alberto Izquierdo, Juan J. Villacorta, Luis Su\u00e1rez<\/td><td class=\"column-3\">2017<\/td><td class=\"column-4\">24th International Congress on Sound and Vibration (ICSV24)<\/td><td class=\"column-5\"><a class=\"logDesc\" href=\"http:\/\/gpa.uva.es\/files\/2020\/10\/ICSV24_2017_article1191.pdf\" target=\"_blank\" rel=\"noopener\"><div align=\"center\"><img decoding=\"async\" src=\"https:\/\/gpa.uva.es\/files\/2024\/01\/PDF_file_icon.svg_.png\" alt=\"Descargar\" width=\"50px\" height=\"60px\" \/><\/div><\/a><\/td>\n<\/tr>\n<tr class=\"row-29\">\n\t<td class=\"column-1\">Acoustic sources analysis using a virtual array based on MEMS microphones<\/td><td class=\"column-2\">Alberto Izquierdo, Juan J. Villacorta, Lara del Val, Luis Su\u00e1rez, David Su\u00e1rez<\/td><td class=\"column-3\">2017<\/td><td class=\"column-4\">24th International Congress on Sound and Vibration (ICSV24)<\/td><td class=\"column-5\"><a class=\"logDesc\" href=\"http:\/\/gpa.uva.es\/files\/2020\/10\/ICSV24_2017_article1192.pdf\" target=\"_blank\" rel=\"noopener\"><div align=\"center\"><img decoding=\"async\" src=\"https:\/\/gpa.uva.es\/files\/2024\/01\/PDF_file_icon.svg_.png\" alt=\"Descargar\" width=\"50px\" height=\"60px\" \/><\/div><\/a><\/td>\n<\/tr>\n<tr class=\"row-30\">\n\t<td class=\"column-1\">Translation of existing impact sound insulation descriptors into new proposed ones, based on a large set of in situ measurements<\/td><td class=\"column-2\">Maria Machimbarrena, Lara del Val, Carolina Rodrigues A. Monteiro, Marta<br \/>\nHerr\u00e1ez, Reine Johansson<\/td><td class=\"column-3\">2016<\/td><td class=\"column-4\">22nd International Congress on Acoustics (ICA)<\/td><td class=\"column-5\"><a class=\"logDesc\" href=\"http:\/\/gpa.uva.es\/files\/2020\/10\/ICA2016-Paper-160.pdf\" target=\"_blank\" rel=\"noopener\"><div align=\"center\"><img decoding=\"async\" src=\"https:\/\/gpa.uva.es\/files\/2024\/01\/PDF_file_icon.svg_.png\" alt=\"Descargar\" width=\"50px\" height=\"60px\" \/><\/div><\/a><\/td>\n<\/tr>\n<\/tbody>\n<\/table>\n<\/p>","protected":false},"excerpt":{"rendered":"<p>Congresos<\/p>\n","protected":false},"author":419,"featured_media":0,"parent":60,"menu_order":2,"comment_status":"closed","ping_status":"closed","template":"","meta":{"_uag_custom_page_level_css":"","footnotes":""},"class_list":["post-62","page","type-page","status-publish","hentry","post"],"uagb_featured_image_src":{"full":false,"thumbnail":false,"medium":false,"medium_large":false,"large":false,"1536x1536":false,"2048x2048":false,"post-thumbnail":false,"vantage-thumbnail-no-sidebar":false,"vantage-slide":false,"vantage-carousel":false,"vantage-grid-loop":false},"uagb_author_info":{"display_name":"gpa","author_link":"https:\/\/gpa.uva.es\/?author=419"},"uagb_comment_info":0,"uagb_excerpt":"Congresos","_links":{"self":[{"href":"https:\/\/gpa.uva.es\/index.php?rest_route=\/wp\/v2\/pages\/62","targetHints":{"allow":["GET"]}}],"collection":[{"href":"https:\/\/gpa.uva.es\/index.php?rest_route=\/wp\/v2\/pages"}],"about":[{"href":"https:\/\/gpa.uva.es\/index.php?rest_route=\/wp\/v2\/types\/page"}],"author":[{"embeddable":true,"href":"https:\/\/gpa.uva.es\/index.php?rest_route=\/wp\/v2\/users\/419"}],"replies":[{"embeddable":true,"href":"https:\/\/gpa.uva.es\/index.php?rest_route=%2Fwp%2Fv2%2Fcomments&post=62"}],"version-history":[{"count":0,"href":"https:\/\/gpa.uva.es\/index.php?rest_route=\/wp\/v2\/pages\/62\/revisions"}],"up":[{"embeddable":true,"href":"https:\/\/gpa.uva.es\/index.php?rest_route=\/wp\/v2\/pages\/60"}],"wp:attachment":[{"href":"https:\/\/gpa.uva.es\/index.php?rest_route=%2Fwp%2Fv2%2Fmedia&parent=62"}],"curies":[{"name":"wp","href":"https:\/\/api.w.org\/{rel}","templated":true}]}}